{"id":191,"date":"2024-09-06T17:54:31","date_gmt":"2024-09-06T15:54:31","guid":{"rendered":"https:\/\/lafemmecoupeeendeux.fr\/tiphaine-raffier\/"},"modified":"2025-05-06T16:13:49","modified_gmt":"2025-05-06T14:13:49","slug":"tiphaine-raffier","status":"publish","type":"page","link":"https:\/\/lafemmecoupeeendeux.fr\/en\/tiphaine-raffier\/","title":{"rendered":"<span>tiphaine <\/span><span>  raffier<\/span>"},"content":{"rendered":"\n<h2 class=\"wp-block-heading\">Comedian<\/h2>\n\n<p>After training at ENMAD in Noisiel (Val de Marne), Tiphaine Raffier joined the 2nd class of the \u00c9cole du Nord in 2006. There she worked under the direction of Stuart Seide (notably in Quel est l&#8217;enfoir\u00e9 qui a commenc\u00e9 le premier? by Dejan Dukovski). In 2010-2011, she worked with Bruno Buffoli and Laurent Hatat, then at the Th\u00e9\u00e2tre du Prato with Gilles Defacque in Soir\u00e9e de Gala (2013-2014). She has also appeared in plays by Julien Gosselin and the collective Si vous pouviez l\u00e9cher mon c\u0153ur: G\u00eanes 01 by Fausto Paravidino (2010), Tristesse Animal Noir by Anja Hilling (2011), Les Particules \u00e9l\u00e9mentaires by Michel Houellebecq (2013) and 2666 by Roberto Bola\u00f1o (2016). She will also be appearing in L&#8217;Adolescent by Fyodor Dostoyevsky, directed by Frank Castorf (Cologne, 2019). In 2020, she will join the cast of Les serpents directed by Jacques Vincey.<\/p>\n\n<p><\/p>\n\n<h2 class=\"wp-block-heading\">Author &#8211; Director &#8211; Producer<\/h2>\n\n<p>In April 2012, following a proposal from Th\u00e9\u00e2tre du Nord, Tiphaine Raffier wrote, directed and performed her first play, <em>The Song<\/em>. The show premiered at the 1st Pr\u00e9mices Festival in Lille. In 2014, as part of the third edition of the same festival, she created her second play <em>Into the name<\/em>. In 2017, she created the show <em>France-Phantom<\/em>. The same year she directed a medium-length film based on her first play, <em>The Song<\/em>. This film, accompanied by the production company Ann\u00e9e Z\u00e9ro and supported by the Centre National du Cin\u00e9ma, was presented in May 2018 at the Directors&#8217; Fortnight in Cannes. Selected for some 30 festivals, it has won numerous awards. In 2020, Tiphaine Raffier is creating <em>The response of Men<\/em>. Initially scheduled for the Festival d&#8217;Avignon, the first tour was postponed until the 21-22 season because of the pandemic. In 2021, she will recreate <em>The Song [reboot]<\/em> with a new cast, and is also working on a feature film adaptation of her play Dans le nom. In 2023, she will create <em>Nemesis<\/em>, based on the novel by Philip Roth, at the Od\u00e9on-Th\u00e9\u00e2tre de l&#8217;Europe. <\/p>\n\n<p>The texts of her first three plays are published by La fontaine, and the text of <em>The response of Men<\/em> is published by l&#8217;Avant-sc\u00e8ne th\u00e9\u00e2tre.<\/p>\n\n<div style=\"height:100px\" aria-hidden=\"true\" class=\"wp-block-spacer\"><\/div>\n\n<p class=\"has-extra-small-font-size\"><em>\u00a9 cr\u00e9dit photo : <\/em>Jean Picon<\/p>\n","protected":false},"excerpt":{"rendered":"<p>Comedian After training at ENMAD in Noisiel (Val de Marne), Tiphaine Raffier joined the 2nd class of the \u00c9cole du Nord in 2006. There she worked under the direction of Stuart Seide (notably in Quel est l&#8217;enfoir\u00e9 qui a commenc\u00e9 le premier? by Dejan Dukovski). In 2010-2011, she worked with Bruno Buffoli and Laurent Hatat,&hellip; <a class=\"more-link\" href=\"https:\/\/lafemmecoupeeendeux.fr\/en\/tiphaine-raffier\/\">Continue reading <span class=\"screen-reader-text\"><span>tiphaine <\/span><span>  raffier<\/span><\/span><\/a><\/p>\n","protected":false},"author":1,"featured_media":520,"parent":0,"menu_order":0,"comment_status":"closed","ping_status":"closed","template":"","meta":{"_acf_changed":false,"inline_featured_image":false,"footnotes":""},"class_list":["post-191","page","type-page","status-publish","has-post-thumbnail","hentry","entry"],"acf":[],"yoast_head":"<!-- This site is optimized with the Yoast SEO plugin v23.5 - https:\/\/yoast.com\/wordpress\/plugins\/seo\/ -->\n<title>tiphaine |  raffier - La femme coup\u00e9e en deux<\/title>\n<meta name=\"robots\" content=\"index, follow, max-snippet:-1, max-image-preview:large, max-video-preview:-1\" \/>\n<link rel=\"canonical\" href=\"https:\/\/lafemmecoupeeendeux.fr\/en\/tiphaine-raffier\/\" \/>\n<meta property=\"og:locale\" content=\"en_US\" \/>\n<meta property=\"og:type\" content=\"article\" \/>\n<meta property=\"og:title\" content=\"tiphaine |  raffier - La femme coup\u00e9e en deux\" \/>\n<meta property=\"og:description\" content=\"Comedian After training at ENMAD in Noisiel (Val de Marne), Tiphaine Raffier joined the 2nd class of the \u00c9cole du Nord in 2006. There she worked under the direction of Stuart Seide (notably in Quel est l&#8217;enfoir\u00e9 qui a commenc\u00e9 le premier? by Dejan Dukovski). In 2010-2011, she worked with Bruno Buffoli and Laurent Hatat,&hellip; Continue reading tiphaine  raffier\" \/>\n<meta property=\"og:url\" content=\"https:\/\/lafemmecoupeeendeux.fr\/en\/tiphaine-raffier\/\" \/>\n<meta property=\"og:site_name\" content=\"La femme coup\u00e9e en deux\" \/>\n<meta property=\"article:publisher\" content=\"https:\/\/www.facebook.com\/lafemmecoupeeendeux\/?locale=fr_FR\" \/>\n<meta property=\"article:modified_time\" content=\"2025-05-06T14:13:49+00:00\" \/>\n<meta property=\"og:image\" content=\"https:\/\/lafemmecoupeeendeux.fr\/wp-content\/uploads\/2024\/10\/Les_Eloges_2023_Saywho_Jean_Pico-1.jpg\" \/>\n\t<meta property=\"og:image:width\" content=\"1500\" \/>\n\t<meta property=\"og:image:height\" content=\"1082\" \/>\n\t<meta property=\"og:image:type\" content=\"image\/jpeg\" \/>\n<meta name=\"twitter:card\" content=\"summary_large_image\" \/>\n<meta name=\"twitter:label1\" content=\"Est. reading time\" \/>\n\t<meta name=\"twitter:data1\" content=\"2 minutes\" \/>\n<script type=\"application\/ld+json\" class=\"yoast-schema-graph\">{\"@context\":\"https:\/\/schema.org\",\"@graph\":[{\"@type\":\"WebPage\",\"@id\":\"https:\/\/lafemmecoupeeendeux.fr\/en\/tiphaine-raffier\/\",\"url\":\"https:\/\/lafemmecoupeeendeux.fr\/en\/tiphaine-raffier\/\",\"name\":\"tiphaine | raffier - La femme coup\u00e9e en deux\",\"isPartOf\":{\"@id\":\"https:\/\/lafemmecoupeeendeux.fr\/en\/#website\"},\"primaryImageOfPage\":{\"@id\":\"https:\/\/lafemmecoupeeendeux.fr\/en\/tiphaine-raffier\/#primaryimage\"},\"image\":{\"@id\":\"https:\/\/lafemmecoupeeendeux.fr\/en\/tiphaine-raffier\/#primaryimage\"},\"thumbnailUrl\":\"https:\/\/lafemmecoupeeendeux.fr\/wp-content\/uploads\/2024\/10\/Les_Eloges_2023_Saywho_Jean_Pico-1.jpg\",\"datePublished\":\"2024-09-06T15:54:31+00:00\",\"dateModified\":\"2025-05-06T14:13:49+00:00\",\"breadcrumb\":{\"@id\":\"https:\/\/lafemmecoupeeendeux.fr\/en\/tiphaine-raffier\/#breadcrumb\"},\"inLanguage\":\"en-US\",\"potentialAction\":[{\"@type\":\"ReadAction\",\"target\":[\"https:\/\/lafemmecoupeeendeux.fr\/en\/tiphaine-raffier\/\"]}]},{\"@type\":\"ImageObject\",\"inLanguage\":\"en-US\",\"@id\":\"https:\/\/lafemmecoupeeendeux.fr\/en\/tiphaine-raffier\/#primaryimage\",\"url\":\"https:\/\/lafemmecoupeeendeux.fr\/wp-content\/uploads\/2024\/10\/Les_Eloges_2023_Saywho_Jean_Pico-1.jpg\",\"contentUrl\":\"https:\/\/lafemmecoupeeendeux.fr\/wp-content\/uploads\/2024\/10\/Les_Eloges_2023_Saywho_Jean_Pico-1.jpg\",\"width\":1500,\"height\":1082},{\"@type\":\"BreadcrumbList\",\"@id\":\"https:\/\/lafemmecoupeeendeux.fr\/en\/tiphaine-raffier\/#breadcrumb\",\"itemListElement\":[{\"@type\":\"ListItem\",\"position\":1,\"name\":\"Accueil\",\"item\":\"https:\/\/lafemmecoupeeendeux.fr\/en\/home-the-woman-cut-in-2\/\"},{\"@type\":\"ListItem\",\"position\":2,\"name\":\"tiphaine | raffier\"}]},{\"@type\":\"WebSite\",\"@id\":\"https:\/\/lafemmecoupeeendeux.fr\/en\/#website\",\"url\":\"https:\/\/lafemmecoupeeendeux.fr\/en\/\",\"name\":\"La femme coup\u00e9e en deux\",\"description\":\"\",\"publisher\":{\"@id\":\"https:\/\/lafemmecoupeeendeux.fr\/en\/#organization\"},\"potentialAction\":[{\"@type\":\"SearchAction\",\"target\":{\"@type\":\"EntryPoint\",\"urlTemplate\":\"https:\/\/lafemmecoupeeendeux.fr\/en\/?s={search_term_string}\"},\"query-input\":{\"@type\":\"PropertyValueSpecification\",\"valueRequired\":true,\"valueName\":\"search_term_string\"}}],\"inLanguage\":\"en-US\"},{\"@type\":\"Organization\",\"@id\":\"https:\/\/lafemmecoupeeendeux.fr\/en\/#organization\",\"name\":\"La femme coup\u00e9e en deux\",\"url\":\"https:\/\/lafemmecoupeeendeux.fr\/en\/\",\"logo\":{\"@type\":\"ImageObject\",\"inLanguage\":\"en-US\",\"@id\":\"https:\/\/lafemmecoupeeendeux.fr\/en\/#\/schema\/logo\/image\/\",\"url\":\"https:\/\/lafemmecoupeeendeux.fr\/wp-content\/uploads\/2024\/09\/la-femme-coupee-en-deux_logo_RVB_1.svg\",\"contentUrl\":\"https:\/\/lafemmecoupeeendeux.fr\/wp-content\/uploads\/2024\/09\/la-femme-coupee-en-deux_logo_RVB_1.svg\",\"caption\":\"La femme coup\u00e9e en deux\"},\"image\":{\"@id\":\"https:\/\/lafemmecoupeeendeux.fr\/en\/#\/schema\/logo\/image\/\"},\"sameAs\":[\"https:\/\/www.facebook.com\/lafemmecoupeeendeux\/?locale=fr_FR\",\"https:\/\/www.instagram.com\/lafemmecoupeeendeux_\/\"]}]}<\/script>\n<!-- \/ Yoast SEO plugin. -->","yoast_head_json":{"title":"tiphaine |  raffier - La femme coup\u00e9e en deux","robots":{"index":"index","follow":"follow","max-snippet":"max-snippet:-1","max-image-preview":"max-image-preview:large","max-video-preview":"max-video-preview:-1"},"canonical":"https:\/\/lafemmecoupeeendeux.fr\/en\/tiphaine-raffier\/","og_locale":"en_US","og_type":"article","og_title":"tiphaine |  raffier - La femme coup\u00e9e en deux","og_description":"Comedian After training at ENMAD in Noisiel (Val de Marne), Tiphaine Raffier joined the 2nd class of the \u00c9cole du Nord in 2006. There she worked under the direction of Stuart Seide (notably in Quel est l&#8217;enfoir\u00e9 qui a commenc\u00e9 le premier? by Dejan Dukovski). In 2010-2011, she worked with Bruno Buffoli and Laurent Hatat,&hellip; Continue reading tiphaine  raffier","og_url":"https:\/\/lafemmecoupeeendeux.fr\/en\/tiphaine-raffier\/","og_site_name":"La femme coup\u00e9e en deux","article_publisher":"https:\/\/www.facebook.com\/lafemmecoupeeendeux\/?locale=fr_FR","article_modified_time":"2025-05-06T14:13:49+00:00","og_image":[{"width":1500,"height":1082,"url":"https:\/\/lafemmecoupeeendeux.fr\/wp-content\/uploads\/2024\/10\/Les_Eloges_2023_Saywho_Jean_Pico-1.jpg","type":"image\/jpeg"}],"twitter_card":"summary_large_image","twitter_misc":{"Est. reading time":"2 minutes"},"schema":{"@context":"https:\/\/schema.org","@graph":[{"@type":"WebPage","@id":"https:\/\/lafemmecoupeeendeux.fr\/en\/tiphaine-raffier\/","url":"https:\/\/lafemmecoupeeendeux.fr\/en\/tiphaine-raffier\/","name":"tiphaine | raffier - La femme coup\u00e9e en deux","isPartOf":{"@id":"https:\/\/lafemmecoupeeendeux.fr\/en\/#website"},"primaryImageOfPage":{"@id":"https:\/\/lafemmecoupeeendeux.fr\/en\/tiphaine-raffier\/#primaryimage"},"image":{"@id":"https:\/\/lafemmecoupeeendeux.fr\/en\/tiphaine-raffier\/#primaryimage"},"thumbnailUrl":"https:\/\/lafemmecoupeeendeux.fr\/wp-content\/uploads\/2024\/10\/Les_Eloges_2023_Saywho_Jean_Pico-1.jpg","datePublished":"2024-09-06T15:54:31+00:00","dateModified":"2025-05-06T14:13:49+00:00","breadcrumb":{"@id":"https:\/\/lafemmecoupeeendeux.fr\/en\/tiphaine-raffier\/#breadcrumb"},"inLanguage":"en-US","potentialAction":[{"@type":"ReadAction","target":["https:\/\/lafemmecoupeeendeux.fr\/en\/tiphaine-raffier\/"]}]},{"@type":"ImageObject","inLanguage":"en-US","@id":"https:\/\/lafemmecoupeeendeux.fr\/en\/tiphaine-raffier\/#primaryimage","url":"https:\/\/lafemmecoupeeendeux.fr\/wp-content\/uploads\/2024\/10\/Les_Eloges_2023_Saywho_Jean_Pico-1.jpg","contentUrl":"https:\/\/lafemmecoupeeendeux.fr\/wp-content\/uploads\/2024\/10\/Les_Eloges_2023_Saywho_Jean_Pico-1.jpg","width":1500,"height":1082},{"@type":"BreadcrumbList","@id":"https:\/\/lafemmecoupeeendeux.fr\/en\/tiphaine-raffier\/#breadcrumb","itemListElement":[{"@type":"ListItem","position":1,"name":"Accueil","item":"https:\/\/lafemmecoupeeendeux.fr\/en\/home-the-woman-cut-in-2\/"},{"@type":"ListItem","position":2,"name":"tiphaine | raffier"}]},{"@type":"WebSite","@id":"https:\/\/lafemmecoupeeendeux.fr\/en\/#website","url":"https:\/\/lafemmecoupeeendeux.fr\/en\/","name":"La femme coup\u00e9e en deux","description":"","publisher":{"@id":"https:\/\/lafemmecoupeeendeux.fr\/en\/#organization"},"potentialAction":[{"@type":"SearchAction","target":{"@type":"EntryPoint","urlTemplate":"https:\/\/lafemmecoupeeendeux.fr\/en\/?s={search_term_string}"},"query-input":{"@type":"PropertyValueSpecification","valueRequired":true,"valueName":"search_term_string"}}],"inLanguage":"en-US"},{"@type":"Organization","@id":"https:\/\/lafemmecoupeeendeux.fr\/en\/#organization","name":"La femme coup\u00e9e en deux","url":"https:\/\/lafemmecoupeeendeux.fr\/en\/","logo":{"@type":"ImageObject","inLanguage":"en-US","@id":"https:\/\/lafemmecoupeeendeux.fr\/en\/#\/schema\/logo\/image\/","url":"https:\/\/lafemmecoupeeendeux.fr\/wp-content\/uploads\/2024\/09\/la-femme-coupee-en-deux_logo_RVB_1.svg","contentUrl":"https:\/\/lafemmecoupeeendeux.fr\/wp-content\/uploads\/2024\/09\/la-femme-coupee-en-deux_logo_RVB_1.svg","caption":"La femme coup\u00e9e en deux"},"image":{"@id":"https:\/\/lafemmecoupeeendeux.fr\/en\/#\/schema\/logo\/image\/"},"sameAs":["https:\/\/www.facebook.com\/lafemmecoupeeendeux\/?locale=fr_FR","https:\/\/www.instagram.com\/lafemmecoupeeendeux_\/"]}]}},"_links":{"self":[{"href":"https:\/\/lafemmecoupeeendeux.fr\/en\/wp-json\/wp\/v2\/pages\/191","targetHints":{"allow":["GET"]}}],"collection":[{"href":"https:\/\/lafemmecoupeeendeux.fr\/en\/wp-json\/wp\/v2\/pages"}],"about":[{"href":"https:\/\/lafemmecoupeeendeux.fr\/en\/wp-json\/wp\/v2\/types\/page"}],"author":[{"embeddable":true,"href":"https:\/\/lafemmecoupeeendeux.fr\/en\/wp-json\/wp\/v2\/users\/1"}],"replies":[{"embeddable":true,"href":"https:\/\/lafemmecoupeeendeux.fr\/en\/wp-json\/wp\/v2\/comments?post=191"}],"version-history":[{"count":4,"href":"https:\/\/lafemmecoupeeendeux.fr\/en\/wp-json\/wp\/v2\/pages\/191\/revisions"}],"predecessor-version":[{"id":611,"href":"https:\/\/lafemmecoupeeendeux.fr\/en\/wp-json\/wp\/v2\/pages\/191\/revisions\/611"}],"wp:featuredmedia":[{"embeddable":true,"href":"https:\/\/lafemmecoupeeendeux.fr\/en\/wp-json\/wp\/v2\/media\/520"}],"wp:attachment":[{"href":"https:\/\/lafemmecoupeeendeux.fr\/en\/wp-json\/wp\/v2\/media?parent=191"}],"curies":[{"name":"wp","href":"https:\/\/api.w.org\/{rel}","templated":true}]}}