{"id":186,"date":"2024-06-20T17:49:01","date_gmt":"2024-06-20T15:49:01","guid":{"rendered":"https:\/\/lafemmecoupeeendeux.fr\/season-2024-2025\/"},"modified":"2026-02-04T09:02:07","modified_gmt":"2026-02-04T08:02:07","slug":"season-2024-2025","status":"publish","type":"page","link":"https:\/\/lafemmecoupeeendeux.fr\/en\/season-2024-2025\/","title":{"rendered":"<span>season<\/span><span>2025-2026<\/span>"},"content":{"rendered":"\n<div style=\"height:41px\" aria-hidden=\"true\" class=\"wp-block-spacer\"><\/div>\n\n<h3 class=\"wp-block-heading\"><em><a href=\"https:\/\/lafemmecoupeeendeux.fr\/en\/spectacles\/france-phantom\/\"><em>France-Fant\u00f4me<\/em>\u00a0<\/a><\/em><\/h3>\n\n<p>March 24&amp;25, 2026 &#8211; <a href=\"https:\/\/www.scenenationale.fr\/spectacle\/france-fantome-tiphaine-raffier\">Th\u00e9\u00e2tre Quintaou, Sc\u00e8ne nationale Sud-Aquitain, Anglet<\/a><\/p>\n\n<p>March 30&amp;31, 2026 &#8211; <a href=\"https:\/\/www.parvis.net\/spectacle-vivant\/france-fantome\">Le parvis, Sc\u00e8ne nationale Tarbes-Pyr\u00e9n\u00e9es<\/a><\/p>\n\n<div style=\"height:100px\" aria-hidden=\"true\" class=\"wp-block-spacer\"><\/div>\n\n<div class=\"wp-block-group titreagenda is-vertical is-nowrap is-layout-flex wp-container-core-group-is-layout-fc43baa9 wp-block-group-is-layout-flex\">\n<h2 class=\"wp-block-heading\">Previously<\/h2>\n<\/div>\n\n<h3 class=\"wp-block-heading\"><em><a href=\"https:\/\/lafemmecoupeeendeux.fr\/en\/spectacles\/nemesis\/\">The Men&#8217;s response<\/a><\/em><\/h3>\n\n<p><strong>January 23 and 24, 2025 <\/strong>&#8211; <a href=\"https:\/\/www.lequartz.com\/la-reponse-des-hommes-1322.html\">Le Quartz<\/a><a href=\"\/#\">, <\/a><a href=\"https:\/\/www.lequartz.com\/la-reponse-des-hommes-1322.html\">Sc\u00e8ne nationale de Brest<br\/><\/a>&#13;\n<strong>January 29 to 31, 2025<\/strong> &#8211; <a href=\"https:\/\/lequai-angers.eu\/la-reponse-des-hommes\">Le Quai<\/a><a href=\"#\">, <\/a><a href=\"https:\/\/lequai-angers.eu\/la-reponse-des-hommes\">CDN Angers Pays de Loire<\/a><\/p>\n\n<h3 class=\"wp-block-heading\"><em><a href=\"https:\/\/lafemmecoupeeendeux.fr\/en\/spectacles\/nemesis\/\">N\u00e9m\u00e9sis<\/a><\/em><\/h3>\n\n<p>From March 23 to April 21, 2023 &#8211; Ateliers Berthier, Od\u00e9on, Th\u00e9\u00e2tre de l&#8217;Europe\u00a0<\/p>\n\n<p>May 16 &amp; 17, 2023 \u2013 Th\u00e9\u00e2tre de Lorient, Centre dramatique national \/\/ cancelled\u00a0\u00a0<\/p>\n\n<p>January 25 &amp; 26, 2024 &#8211; la Com\u00e9die de Clermont, sc\u00e8ne nationale\u00a0<\/p>\n\n<p>February 3 &amp; 9 2024 &#8211; Th\u00e9\u00e2tre National Populaire, Villeurbanne\u00a0<\/p>\n\n<p>February 27 &amp; 29, 2024 &#8211; Th\u00e9\u00e2tredelaCit\u00e9, CDN Toulouse Occitanie\u00a0<\/p>\n\n<p>March 21 &amp; 22, 2024 &#8211; Le Volcan, Sc\u00e8ne Nationale du Havre\u00a0<\/p>\n\n<p>March 27 &amp; 28, 2024 &#8211; Maison de la Culture d&#8217;Amiens\u00a0<\/p>\n\n<p>May 15 &amp; 16, 2024 2024 &#8211; Le ph\u00e9nix &#8211; sc\u00e8ne nationale de Valenciennes\u00a0<\/p>\n\n<p>co-hosting w\/ Le Man\u00e8ge, sc\u00e8ne nationale de Maubeuge\u00a0&amp; la Com\u00e9die de B\u00e9thune, Centre Dramatique National de B\u00e9thune<\/p>\n\n<p>From May 21 to 24, 2024 &#8211; Th\u00e9\u00e2tre du Nord, Lille\u00a0<\/p>\n\n<p><em>cohost<\/em> La rose des vents, sc\u00e8ne nationale Lille M\u00e9tropole Villeneuve-d\u2019Ascq<\/p>\n\n<p>May 29 &amp; 30, 2024 &#8211; Th\u00e9\u00e2tre National de Bretagne, Rennes\u00a0<\/p>\n\n<h3 class=\"wp-block-heading\"><a href=\"https:\/\/lafemmecoupeeendeux.fr\/en\/spectacles\/la-chanson-reboot\/\"><em>The Song [reboot]<\/em>\u00a0<\/a><\/h3>\n\n<p>December 7 &amp; 9, 2021 \u2013 Th\u00e9\u00e2tre Sorano, Toulouse\u202f\u00a0<\/p>\n\n<p>December 30, 2021 \u2013 Les feux de Vire \u2013 Le Pr\u00e9au, CDN de Vire, Normandie\u00a0\u00a0<\/p>\n\n<p>From March 7 to April 2nd, 2022 \u2013 nomadisme de La rose des vents, Sc\u00e8ne nationale Lille M\u00e9tropole Villeneuve d\u2019Ascq \/ Le Zeppelin, Compagnie Les Voyageurs, Saint-Andr\u00e9-lez-Lille\u00a0\u00a0<\/p>\n\n<p>From April 4 to 6, 2022 \u2013 Th\u00e9\u00e2tre de Dijon-Bourgogne, Centre dramatique national\u00a0\u00a0<\/p>\n\n<p>April 29 &amp; 30, 2022 \u2013 Festival Eldorado \u2013 Th\u00e9\u00e2tre de Lorient, Centre dramatique national\u00a0\u00a0<\/p>\n\n<p>from May 31 to June 2nd, 2022 \u2013 La Com\u00e9die de B\u00e9thune, Centre dramatique national\u202f\u00a0<\/p>\n\n<p>November 8 &amp; 9, 2022 \u2013 Maison de la Culture d\u2019Amiens\u202f\u00a0<\/p>\n\n<p>November 18 &amp; 19, 2022 \u2013 L\u2019Aire Libre, Festival TNB, Rennes\u202f\u00a0<\/p>\n\n<p>From March 31 to April 15, 2023 \u2013 MC93, Bobigny\u202f\u00a0<\/p>\n\n<p>co-accueil Th\u00e9\u00e2tre Nanterre-Amandiers, Centre dramatique national\u202f\u00a0<\/p>\n\n<p>April 18, 2023 \u2013 Espace 1789, Saint Ouen\u202f\u00a0<\/p>\n\n<p>April 20, 2023 \u2013 Th\u00e9\u00e2tre de Ch\u00e2tillon\u202f\u00a0<\/p>\n\n<p>May 4, 2023 \u2013 Sc\u00e8ne nationale 61, Alen\u00e7on\u202f\u00a0<\/p>\n\n<p>from May 10 to 13, 2023 \u2013 La Cri\u00e9e, Th\u00e9\u00e2tre national de Marseille\u202f\u00a0<\/p>\n\n<p>May 23 &amp; 24, 2023 \u2013 Le Moulin du Roc, Sc\u00e8ne nationale \u00e0 Niort\u202f\u00a0<\/p>\n\n<p>December 21 &amp; 23, 2023 &#8211; Com\u00e9die de Colmar, Centre dramatique national Grand Est\u00a0<\/p>\n\n<p>From January 10 to 20, 2024 &#8211; Th\u00e9\u00e2tre National de Strasbourg\u00a0<\/p>\n\n<p>January 30, 2024 &#8211; Th\u00e9\u00e2tre de Privas, sc\u00e8ne conventionn\u00e9e\u00a0<\/p>\n\n<p>February 6 &amp; 7, 2024 &#8211; La Coursive, sc\u00e8ne nationale de La Rochelle\u00a0<\/p>\n\n<p>March 16, 2024 &#8211; La Ferme du Buisson, sc\u00e8ne nationale de Noisiel\u00a0<\/p>\n\n<h3 class=\"wp-block-heading\"><em><a href=\"https:\/\/lafemmecoupeeendeux.fr\/en\/spectacles\/the-response-of-men\/\">The response of Men<\/a><\/em><\/h3>\n\n<p>July 2020 \u2013 Festival d\u2019Avignon \/ Cancelled \u2013 COVID-19\u00a0<\/p>\n\n<p>November 13 to 15, 2020 \u2013 La Cri\u00e9e, Th\u00e9\u00e2tre national de Marseille \/ report\u00e9 saison 21\/22\u00a0<\/p>\n\n<p>December 2 to 4, 2020 \u2013 Centre dramatique national de Tours \/ report\u00e9 saison 21\/22\u00a0<\/p>\n\n<p>December 16 to 18, 2020 \u2013 Th\u00e9\u00e2tre du Nord, Centre dramatique national Lille Tourcoing\u00a0<\/p>\n\n<p>co-accueil La Rose des vents, Sc\u00e8ne nationale Lille M\u00e9tropole Villeneuve d\u2019Ascq\u00a0<\/p>\n\n<p>January 7 to 16, 2021 \u2013 Th\u00e9\u00e2tre National Populaire de Villeurbanne \/ report\u00e9 saison 21\/22\u00a0<\/p>\n\n<p>January 20 &amp; 21, 2021 \u2013 Le Quartz, Sc\u00e8ne nationale de Brest \/ Cancelled \u2013 COVID-19\u00a0<\/p>\n\n<p>January 27 &amp; 28, 2021 \u2013 Centre dramatique national de Lorient \/ postponed season 21\/22\u00a0<\/p>\n\n<p>February 5, 2021 \u2013 Sc\u00e8ne nationale Ch\u00e2teauvallon-Libert\u00e9, Toulon \/ postponed season 21\/22\u00a0<\/p>\n\n<p>February 17 &amp; 18, 2021 \u2013 Le Ph\u00e9nix, Sc\u00e8ne nationale Valenciennes \/ postponed season 21\/22\u00a0<\/p>\n\n<p>March 2 to 20, 2021 \u2013 Od\u00e9on-Th\u00e9\u00e2tre de l\u2019Europe, Ateliers Berthier \/ postponed season 21\/22\u00a0<\/p>\n\n<p>April 6 to 9, 2021 \u2013 Th\u00e9\u00e2tre de Dijon-Bourgogne, CDN \/ Cancelled \u2013 COVID-19\u00a0<\/p>\n\n<p>April 15, 2021 \u2013 Th\u00e9\u00e2tre du Pr\u00e9au, CDN de Normandie \u2013 Vire \/ postponed season 21\/22<\/p>\n\n<p>December 17 to 19, 2021 &#8211; La Cri\u00e9e, Th\u00e9\u00e2tre national de Marseille\u00a0<\/p>\n\n<p>January 6 to 28, 2022 &#8211; Th\u00e9\u00e2tre Nanterre-Amandiers, Centre dramatique national\u00a0<\/p>\n\n<p>co-host Od\u00e9on, Th\u00e9\u00e2tre de l\u2019Europe\u00a0<\/p>\n\n<p>February 3 to 12, 2022 &#8211; Th\u00e9\u00e2tre National Populaire de Villeurbanne, Lyon\u00a0<\/p>\n\n<p>February 23 &amp; 24, 2022 &#8211; Th\u00e9\u00e2tre de Lorient, Centre dramatique national\u00a0<\/p>\n\n<p>March 2 to 4, 2022 &#8211; La Com\u00e9die de Saint-\u00c9tienne, Centre dramatique national\u00a0<\/p>\n\n<p>March 9 to 11, 2022 &#8211; Th\u00e9\u00e2tre de la Cit\u00e9, Centre dramatique national de Toulouse\u00a0<\/p>\n\n<p>March 16 to 19, 2022 &#8211; Th\u00e9\u00e2tre Olympia, Centre dramatique national de Tours\u00a0<\/p>\n\n<p>March 24 &amp; 25, 2022 &#8211; Le Ph\u00e9nix, Sc\u00e8ne nationale Valenciennes\u00a0<\/p>\n\n<p>March 31, 2022 &#8211; Le Pr\u00e9au, Centre dramatique national de Vire, Normandie\u00a0<\/p>\n\n<p>April 6 to 9, 2022 &#8211; Th\u00e9\u00e2tre du Nord, Centre dramatique national Lille Tourcoing\u00a0<\/p>\n\n<p>December 1 &amp; 2, 2022 \u2013 La Com\u00e9die de Clermont-Ferrand\u00a0<\/p>\n\n<p>December 8 &amp; 9, 2022 \u2013 Ch\u00e2teauvallon-Libert\u00e9, Sc\u00e8ne nationale\u00a0<\/p>\n\n<p>December 14 to 17, 2022 \u2013 TnBA, CDN de Bordeaux\u00a0<\/p>\n\n<p>April 26 to 27, 2023 \u2013 La Coursive, Sc\u00e8ne nationale de La Rochelle\u00a0<\/p>\n\n<p>May 11 &amp; 12, 2023 \u2013 Th\u00e9\u00e2tre de l\u2018Archipel, Sc\u00e8ne nationale de Perpignan\u00a0<\/p>\n\n<p>March 23 &amp; 24, 2023 \u2013 Maison de la Culture de Bourges\u00a0<\/p>\n\n<p>January 9 to 29, 2024 &#8211; Od\u00e9on, Th\u00e9\u00e2tre de l&#8217;Europe, Ateliers Berthier\u00a0<\/p>\n\n<p>January 23&amp;24, 2025- <a href=\"https:\/\/www.lequartz.com\/la-reponse-des-hommes-1322.html\">Le Quartz, Sc\u00e8ne nationale de Bres<\/a>t<br\/><br\/>du 29 au 31 janvier 2025 &#8211; <a href=\"https:\/\/lequai-angers.eu\/la-reponse-des-hommes\">Le Quai, CDN d\u2019Angers &#8211; Pays de la Loire<\/a><\/p>\n\n<h3 class=\"wp-block-heading\"><a href=\"https:\/\/lafemmecoupeeendeux.fr\/en\/spectacles\/reassure-the-worried\/\"><em>Reassure the worried (Mobile performance by Lucas Samain)<\/em>\u00a0<\/a><\/h3>\n\n<p>December, 2021 &amp; January, 2022 \u2013 with l\u2019Od\u00e9on, Th\u00e9\u00e2tre de l&#8217;Europe, Ateliers Berthier (10 shows in partner high schools)\u00a0<\/p>\n\n<p>October 3 to 7, 2022 \u2013 with La Com\u00e9die de B\u00e9thune, Centre dramatique national\u202f\u00a0<\/p>\n\n<p>March 20, 2022 &#8211; Le Pr\u00e9au, CDN de Vire, Normandie\u00a0\u00a0<\/p>\n\n<p>April 3 to 5, 2023 \u2013 avec La Coursive, sc\u00e8ne nationale de La Rochelle\u00a0<\/p>\n\n<p>March 11 to 15, 2024 \u2013 avec La Com\u00e9die de Clermont-Ferrand\u00a0<\/p>\n\n<h3 class=\"wp-block-heading\"><a href=\"https:\/\/lafemmecoupeeendeux.fr\/en\/spectacles\/france-phantom\/\"><em>France-Phantom<\/em>\u00a0<\/a><\/h3>\n\n<p>October 4 to 15, 2017 (respite the 8th and 9th) Th\u00e9\u00e2tre du Nord, Centre dramatique national Lille Tourcoing\u00a0\u00a0<\/p>\n\n<p>January 9 to 13, 2018, La Cri\u00e9e, Th\u00e9\u00e2tre national de Marseille\u202f\u00a0<\/p>\n\n<p>January 16 &amp; 17, 2018, Com\u00e9die de Valence, Centre dramatique national\u00a0\u00a0<\/p>\n\n<p>January 25 &amp; 26, 2018, Th\u00e9\u00e2tre de Lorient, Centre dramatique national\u00a0<\/p>\n\n<p>January 31 to February 10 (respite the 4th), 2018 , Th\u00e9\u00e2tre G\u00e9rard Philipe, Centre dramatique national Saint-Denis.\u00a0<\/p>\n\n<p>Fenruary 13 &amp; 14, 2018, Sc\u00e8ne nationale 61, Alen\u00e7on.\u00a0<\/p>\n\n<p>March 10 to 14, 2020 &#8211; Th\u00e9\u00e2tre de Dijon-Bourgogne, Centre dramatique national \/ Annulation de 3\/5 repr\u00e9sentations \/ Covid-19\u00a0\u00a0<\/p>\n\n<p>March 19 &amp; 20, 2020 &#8211; La Com\u00e9die de Saint-\u00c9tienne \/ Annulation Covid-19\u00a0<\/p>\n\n<p>May 14 to 28, 2020 &#8211; Th\u00e9\u00e2tre de l\u2019Od\u00e9on &#8211; Paris \/ Annulation Covid-19\u00a0<\/p>\n\n<p>November 8 &amp; 9, 2022 \u2013 L\u2018Onde Th\u00e9\u00e2tre, Centre d\u2019Art de V\u00e9lizy\u00a0<\/p>\n\n<p>January 18 to 20, 2023 \u2013 La Com\u00e9die de Saint-\u00c9tienne, Centre dramatique national\u00a0<\/p>\n\n<p>January 25 to February 4, 2023 \u2013 Th\u00e9\u00e2tre Nanterre-Amandiers, Centre dramatique national\u00a0<\/p>\n\n<p><em>co-hosted<\/em> MC93, Bobigny<\/p>\n\n<p>February 9, 2023 \u2013 Th\u00e9\u00e2tre de Sartrouville\u00a0<\/p>\n\n<p>March 31 to April 7, 2023 \u2013 Th\u00e9\u00e2tre National Populaire de Villeurbanne, Lyon\u00a0<\/p>\n\n<h3 class=\"wp-block-heading\"><a href=\"https:\/\/lafemmecoupeeendeux.fr\/en\/spectacles\/into-the-name\/\"><em>Into the name<\/em>\u00a0<\/a><\/h3>\n\n<p>May 22 to 24, 2014 &#8211; as part of Pr\u00e9mices #3 young theater festival, Th\u00e9\u00e2tre du Nord, Centre dramatique national Lille Tourcoing and La Rose des vents, Sc\u00e8ne nationale Lille M\u00e9tropole Villeneuve d\u2019Ascq\u00a0<\/p>\n\n<p>January 30, 2016 &#8211; Festival Parall\u00e8le &#8211; Mucem \u2013 Marseille (version lecture)\u00a0<\/p>\n\n<p>November 3 to 10, 2016 &#8211; Th\u00e9\u00e2tre du Nord, Centre dramatique national Lille Tourcoing\u00a0\u00a0<\/p>\n\n<p>December 15 &amp; 16, 2016 &#8211; Sc\u00e8ne nationale 61, Alen\u00e7on\u202f\u00a0<\/p>\n\n<p>January 24 to 26, 2017 &#8211; La Cri\u00e9e, Th\u00e9\u00e2tre national de Marseille\u202f\u00a0\u00a0<\/p>\n\n<p>April 29, 2017 &#8211; Louvre Lens (reading version)\u00a0<\/p>\n\n<p>January 28 &amp; 29, 2020 &#8211; Le Ph\u00e9nix, Sc\u00e8ne nationale Valenciennes\u00a0\u00a0<\/p>\n\n<p>February 5 &amp; 6, 2020 &#8211; La Rose des vents, Sc\u00e8ne nationale Lille M\u00e9tropole Villeneuve d\u2019Ascq\u00a0<\/p>\n\n<p>February 13 to 15, 2020 &#8211; La Cri\u00e9e, Th\u00e9\u00e2tre national de Marseille\u202f\u00a0\u00a0<\/p>\n\n<p>April 22 to May 7, 2020 &#8211; Th\u00e9\u00e2tre de l\u2019Od\u00e9on &#8211; Paris \/ Annulation Covid-19\u00a0<\/p>\n\n<h3 class=\"wp-block-heading\"><a href=\"https:\/\/lafemmecoupeeendeux.fr\/en\/spectacles\/the-song\/\"><em>The Song<\/em>\u00a0<\/a><\/h3>\n\n<p>April 14,17,18,19, 2012 &#8211; Th\u00e9\u00e2tre du Nord, Centre dramatique national Lille Tourcoing, as part of Pr\u00e9mices\u00a0<\/p>\n\n<p>May 27, 2014 &#8211; Th\u00e9\u00e2tre Br\u00e9tigny \u00e0 Br\u00e9tigny sur Orge\u00a0<\/p>\n\n<p>June 3 to 28, 2014 &#8211; Th\u00e9\u00e2tre du Nord, Centre dramatique national Lille Tourcoing (20 shows)\u00a0<\/p>\n","protected":false},"excerpt":{"rendered":"<p>France-Fant\u00f4me\u00a0 March 24&amp;25, 2026 &#8211; Th\u00e9\u00e2tre Quintaou, Sc\u00e8ne nationale Sud-Aquitain, Anglet March 30&amp;31, 2026 &#8211; Le parvis, Sc\u00e8ne nationale Tarbes-Pyr\u00e9n\u00e9es Previously The Men&#8217;s response January 23 and 24, 2025 &#8211; Le Quartz, Sc\u00e8ne nationale de Brest&#13; January 29 to 31, 2025 &#8211; Le Quai, CDN Angers Pays de Loire N\u00e9m\u00e9sis From March 23 to April&hellip; <a class=\"more-link\" href=\"https:\/\/lafemmecoupeeendeux.fr\/en\/season-2024-2025\/\">Continue reading <span class=\"screen-reader-text\"><span>season<\/span><span>2025-2026<\/span><\/span><\/a><\/p>\n","protected":false},"author":1,"featured_media":0,"parent":0,"menu_order":0,"comment_status":"closed","ping_status":"closed","template":"","meta":{"_acf_changed":false,"inline_featured_image":false,"footnotes":""},"class_list":["post-186","page","type-page","status-publish","hentry","entry"],"acf":[],"yoast_head":"<!-- This site is optimized with the Yoast SEO plugin v23.5 - https:\/\/yoast.com\/wordpress\/plugins\/seo\/ -->\n<title>season | 2025-2026 - La femme coup\u00e9e en deux<\/title>\n<meta name=\"robots\" content=\"index, follow, max-snippet:-1, max-image-preview:large, max-video-preview:-1\" \/>\n<link rel=\"canonical\" href=\"https:\/\/lafemmecoupeeendeux.fr\/en\/season-2024-2025\/\" \/>\n<meta property=\"og:locale\" content=\"en_US\" \/>\n<meta property=\"og:type\" content=\"article\" \/>\n<meta property=\"og:title\" content=\"season | 2025-2026 - La femme coup\u00e9e en deux\" \/>\n<meta property=\"og:description\" content=\"France-Fant\u00f4me\u00a0 March 24&amp;25, 2026 &#8211; Th\u00e9\u00e2tre Quintaou, Sc\u00e8ne nationale Sud-Aquitain, Anglet March 30&amp;31, 2026 &#8211; Le parvis, Sc\u00e8ne nationale Tarbes-Pyr\u00e9n\u00e9es Previously The Men&#8217;s response January 23 and 24, 2025 &#8211; Le Quartz, Sc\u00e8ne nationale de Brest&#013; January 29 to 31, 2025 &#8211; Le Quai, CDN Angers Pays de Loire N\u00e9m\u00e9sis From March 23 to April&hellip; Continue reading season2025-2026\" \/>\n<meta property=\"og:url\" content=\"https:\/\/lafemmecoupeeendeux.fr\/en\/season-2024-2025\/\" \/>\n<meta property=\"og:site_name\" content=\"La femme coup\u00e9e en deux\" \/>\n<meta property=\"article:publisher\" content=\"https:\/\/www.facebook.com\/lafemmecoupeeendeux\/?locale=fr_FR\" \/>\n<meta property=\"article:modified_time\" content=\"2026-02-04T08:02:07+00:00\" \/>\n<meta name=\"twitter:card\" content=\"summary_large_image\" \/>\n<meta name=\"twitter:label1\" content=\"Est. reading time\" \/>\n\t<meta name=\"twitter:data1\" content=\"6 minutes\" \/>\n<script type=\"application\/ld+json\" class=\"yoast-schema-graph\">{\"@context\":\"https:\/\/schema.org\",\"@graph\":[{\"@type\":\"WebPage\",\"@id\":\"https:\/\/lafemmecoupeeendeux.fr\/en\/season-2024-2025\/\",\"url\":\"https:\/\/lafemmecoupeeendeux.fr\/en\/season-2024-2025\/\",\"name\":\"season | 2025-2026 - La femme coup\u00e9e en deux\",\"isPartOf\":{\"@id\":\"https:\/\/lafemmecoupeeendeux.fr\/en\/#website\"},\"datePublished\":\"2024-06-20T15:49:01+00:00\",\"dateModified\":\"2026-02-04T08:02:07+00:00\",\"breadcrumb\":{\"@id\":\"https:\/\/lafemmecoupeeendeux.fr\/en\/season-2024-2025\/#breadcrumb\"},\"inLanguage\":\"en-US\",\"potentialAction\":[{\"@type\":\"ReadAction\",\"target\":[\"https:\/\/lafemmecoupeeendeux.fr\/en\/season-2024-2025\/\"]}]},{\"@type\":\"BreadcrumbList\",\"@id\":\"https:\/\/lafemmecoupeeendeux.fr\/en\/season-2024-2025\/#breadcrumb\",\"itemListElement\":[{\"@type\":\"ListItem\",\"position\":1,\"name\":\"Accueil\",\"item\":\"https:\/\/lafemmecoupeeendeux.fr\/en\/home-the-woman-cut-in-2\/\"},{\"@type\":\"ListItem\",\"position\":2,\"name\":\"season | 2025-2026\"}]},{\"@type\":\"WebSite\",\"@id\":\"https:\/\/lafemmecoupeeendeux.fr\/en\/#website\",\"url\":\"https:\/\/lafemmecoupeeendeux.fr\/en\/\",\"name\":\"La femme coup\u00e9e en deux\",\"description\":\"\",\"publisher\":{\"@id\":\"https:\/\/lafemmecoupeeendeux.fr\/en\/#organization\"},\"potentialAction\":[{\"@type\":\"SearchAction\",\"target\":{\"@type\":\"EntryPoint\",\"urlTemplate\":\"https:\/\/lafemmecoupeeendeux.fr\/en\/?s={search_term_string}\"},\"query-input\":{\"@type\":\"PropertyValueSpecification\",\"valueRequired\":true,\"valueName\":\"search_term_string\"}}],\"inLanguage\":\"en-US\"},{\"@type\":\"Organization\",\"@id\":\"https:\/\/lafemmecoupeeendeux.fr\/en\/#organization\",\"name\":\"La femme coup\u00e9e en deux\",\"url\":\"https:\/\/lafemmecoupeeendeux.fr\/en\/\",\"logo\":{\"@type\":\"ImageObject\",\"inLanguage\":\"en-US\",\"@id\":\"https:\/\/lafemmecoupeeendeux.fr\/en\/#\/schema\/logo\/image\/\",\"url\":\"https:\/\/lafemmecoupeeendeux.fr\/wp-content\/uploads\/2024\/09\/la-femme-coupee-en-deux_logo_RVB_1.svg\",\"contentUrl\":\"https:\/\/lafemmecoupeeendeux.fr\/wp-content\/uploads\/2024\/09\/la-femme-coupee-en-deux_logo_RVB_1.svg\",\"caption\":\"La femme coup\u00e9e en deux\"},\"image\":{\"@id\":\"https:\/\/lafemmecoupeeendeux.fr\/en\/#\/schema\/logo\/image\/\"},\"sameAs\":[\"https:\/\/www.facebook.com\/lafemmecoupeeendeux\/?locale=fr_FR\",\"https:\/\/www.instagram.com\/lafemmecoupeeendeux_\/\"]}]}<\/script>\n<!-- \/ Yoast SEO plugin. -->","yoast_head_json":{"title":"season | 2025-2026 - La femme coup\u00e9e en deux","robots":{"index":"index","follow":"follow","max-snippet":"max-snippet:-1","max-image-preview":"max-image-preview:large","max-video-preview":"max-video-preview:-1"},"canonical":"https:\/\/lafemmecoupeeendeux.fr\/en\/season-2024-2025\/","og_locale":"en_US","og_type":"article","og_title":"season | 2025-2026 - La femme coup\u00e9e en deux","og_description":"France-Fant\u00f4me\u00a0 March 24&amp;25, 2026 &#8211; Th\u00e9\u00e2tre Quintaou, Sc\u00e8ne nationale Sud-Aquitain, Anglet March 30&amp;31, 2026 &#8211; Le parvis, Sc\u00e8ne nationale Tarbes-Pyr\u00e9n\u00e9es Previously The Men&#8217;s response January 23 and 24, 2025 &#8211; Le Quartz, Sc\u00e8ne nationale de Brest&#13; January 29 to 31, 2025 &#8211; Le Quai, CDN Angers Pays de Loire N\u00e9m\u00e9sis From March 23 to April&hellip; Continue reading season2025-2026","og_url":"https:\/\/lafemmecoupeeendeux.fr\/en\/season-2024-2025\/","og_site_name":"La femme coup\u00e9e en deux","article_publisher":"https:\/\/www.facebook.com\/lafemmecoupeeendeux\/?locale=fr_FR","article_modified_time":"2026-02-04T08:02:07+00:00","twitter_card":"summary_large_image","twitter_misc":{"Est. reading time":"6 minutes"},"schema":{"@context":"https:\/\/schema.org","@graph":[{"@type":"WebPage","@id":"https:\/\/lafemmecoupeeendeux.fr\/en\/season-2024-2025\/","url":"https:\/\/lafemmecoupeeendeux.fr\/en\/season-2024-2025\/","name":"season | 2025-2026 - La femme coup\u00e9e en deux","isPartOf":{"@id":"https:\/\/lafemmecoupeeendeux.fr\/en\/#website"},"datePublished":"2024-06-20T15:49:01+00:00","dateModified":"2026-02-04T08:02:07+00:00","breadcrumb":{"@id":"https:\/\/lafemmecoupeeendeux.fr\/en\/season-2024-2025\/#breadcrumb"},"inLanguage":"en-US","potentialAction":[{"@type":"ReadAction","target":["https:\/\/lafemmecoupeeendeux.fr\/en\/season-2024-2025\/"]}]},{"@type":"BreadcrumbList","@id":"https:\/\/lafemmecoupeeendeux.fr\/en\/season-2024-2025\/#breadcrumb","itemListElement":[{"@type":"ListItem","position":1,"name":"Accueil","item":"https:\/\/lafemmecoupeeendeux.fr\/en\/home-the-woman-cut-in-2\/"},{"@type":"ListItem","position":2,"name":"season | 2025-2026"}]},{"@type":"WebSite","@id":"https:\/\/lafemmecoupeeendeux.fr\/en\/#website","url":"https:\/\/lafemmecoupeeendeux.fr\/en\/","name":"La femme coup\u00e9e en deux","description":"","publisher":{"@id":"https:\/\/lafemmecoupeeendeux.fr\/en\/#organization"},"potentialAction":[{"@type":"SearchAction","target":{"@type":"EntryPoint","urlTemplate":"https:\/\/lafemmecoupeeendeux.fr\/en\/?s={search_term_string}"},"query-input":{"@type":"PropertyValueSpecification","valueRequired":true,"valueName":"search_term_string"}}],"inLanguage":"en-US"},{"@type":"Organization","@id":"https:\/\/lafemmecoupeeendeux.fr\/en\/#organization","name":"La femme coup\u00e9e en deux","url":"https:\/\/lafemmecoupeeendeux.fr\/en\/","logo":{"@type":"ImageObject","inLanguage":"en-US","@id":"https:\/\/lafemmecoupeeendeux.fr\/en\/#\/schema\/logo\/image\/","url":"https:\/\/lafemmecoupeeendeux.fr\/wp-content\/uploads\/2024\/09\/la-femme-coupee-en-deux_logo_RVB_1.svg","contentUrl":"https:\/\/lafemmecoupeeendeux.fr\/wp-content\/uploads\/2024\/09\/la-femme-coupee-en-deux_logo_RVB_1.svg","caption":"La femme coup\u00e9e en deux"},"image":{"@id":"https:\/\/lafemmecoupeeendeux.fr\/en\/#\/schema\/logo\/image\/"},"sameAs":["https:\/\/www.facebook.com\/lafemmecoupeeendeux\/?locale=fr_FR","https:\/\/www.instagram.com\/lafemmecoupeeendeux_\/"]}]}},"_links":{"self":[{"href":"https:\/\/lafemmecoupeeendeux.fr\/en\/wp-json\/wp\/v2\/pages\/186","targetHints":{"allow":["GET"]}}],"collection":[{"href":"https:\/\/lafemmecoupeeendeux.fr\/en\/wp-json\/wp\/v2\/pages"}],"about":[{"href":"https:\/\/lafemmecoupeeendeux.fr\/en\/wp-json\/wp\/v2\/types\/page"}],"author":[{"embeddable":true,"href":"https:\/\/lafemmecoupeeendeux.fr\/en\/wp-json\/wp\/v2\/users\/1"}],"replies":[{"embeddable":true,"href":"https:\/\/lafemmecoupeeendeux.fr\/en\/wp-json\/wp\/v2\/comments?post=186"}],"version-history":[{"count":42,"href":"https:\/\/lafemmecoupeeendeux.fr\/en\/wp-json\/wp\/v2\/pages\/186\/revisions"}],"predecessor-version":[{"id":772,"href":"https:\/\/lafemmecoupeeendeux.fr\/en\/wp-json\/wp\/v2\/pages\/186\/revisions\/772"}],"wp:attachment":[{"href":"https:\/\/lafemmecoupeeendeux.fr\/en\/wp-json\/wp\/v2\/media?parent=186"}],"curies":[{"name":"wp","href":"https:\/\/api.w.org\/{rel}","templated":true}]}}